{"id":744,"date":"2025-07-27T19:39:02","date_gmt":"2025-07-27T17:39:02","guid":{"rendered":"https:\/\/eslava.es\/santa-criz-de-eslava\/"},"modified":"2025-10-24T06:20:40","modified_gmt":"2025-10-24T04:20:40","slug":"santa-criz-de-eslava","status":"publish","type":"page","link":"https:\/\/eslava.es\/en\/santa-criz-de-eslava\/","title":{"rendered":"Santa Criz De Eslava"},"content":{"rendered":"<p>[et_pb_section fb_built=&#8221;1&#8243; custom_padding_last_edited=&#8221;on|desktop&#8221; admin_label=&#8221;Header&#8221; _builder_version=&#8221;4.27.4&#8243; background_color=&#8221;rgba(0,0,0,0.19)&#8221; background_image=&#8221;https:\/\/eslava.es\/wp-content\/uploads\/2025\/08\/DSC02818-HDR-recorte-baja.jpg&#8221; background_blend=&#8221;multiply&#8221; max_width=&#8221;90%&#8221; custom_padding=&#8221;4vw||4vw|10vw|true|false&#8221; custom_padding_tablet=&#8221;8vw||8vw||true|false&#8221; custom_padding_phone=&#8221;8vw||8vw||true|false&#8221; border_width_bottom=&#8221;5px&#8221; border_color_bottom=&#8221;gcid-7f97073d-b960-4482-bdc7-605cdf94679e&#8221; box_shadow_style=&#8221;preset4&#8243; box_shadow_horizontal=&#8221;18vw&#8221; box_shadow_vertical=&#8221;-9vw&#8221; box_shadow_color=&#8221;#2e444e&#8221; locked=&#8221;off&#8221; global_colors_info=&#8221;{%22gcid-7f97073d-b960-4482-bdc7-605cdf94679e%22:%91%22border_color_bottom%22%93}&#8221;][et_pb_row _builder_version=&#8221;4.27.4&#8243; width=&#8221;90%&#8221; max_width=&#8221;none&#8221; locked=&#8221;off&#8221; global_colors_info=&#8221;{}&#8221;][et_pb_column type=&#8221;4_4&#8243; _builder_version=&#8221;4.27.4&#8243; global_colors_info=&#8221;{}&#8221;][et_pb_text admin_label=&#8221;Texto&#8221; _builder_version=&#8221;4.27.4&#8243; text_text_color=&#8221;#FFFFFF&#8221; header_font=&#8221;Playfair Display|700|||||||&#8221; header_text_color=&#8221;#FFFFFF&#8221; header_font_size=&#8221;131px&#8221; header_line_height=&#8221;1.2em&#8221; header_2_font=&#8221;Playfair Display|700|||||||&#8221; header_2_font_size=&#8221;20px&#8221; header_2_line_height=&#8221;1.2em&#8221; text_orientation=&#8221;center&#8221; header_font_size_tablet=&#8221;80px&#8221; header_font_size_phone=&#8221;40px&#8221; header_font_size_last_edited=&#8221;on|desktop&#8221; header_text_shadow_style=&#8221;preset1&#8243; header_text_shadow_color=&#8221;rgba(0,0,0,0.3)&#8221; locked=&#8221;off&#8221; global_colors_info=&#8221;{}&#8221;]<\/p>\n<h1>Santa Criz De Eslava<\/h1>\n<p>[\/et_pb_text][\/et_pb_column][\/et_pb_row][\/et_pb_section][et_pb_section fb_built=&#8221;1&#8243; custom_padding_last_edited=&#8221;off|tablet&#8221; admin_label=&#8221;Contenido&#8221; _builder_version=&#8221;4.16&#8243; overflow-x=&#8221;hidden&#8221; overflow-y=&#8221;hidden&#8221; custom_padding=&#8221;||||false&#8221; custom_padding_tablet=&#8221;0px||0px||false|false&#8221; locked=&#8221;off&#8221; global_colors_info=&#8221;{}&#8221;][et_pb_row column_structure=&#8221;1_2,1_2&#8243; make_equal=&#8221;on&#8221; _builder_version=&#8221;4.27.4&#8243; max_width=&#8221;1200px&#8221; custom_padding=&#8221;0px||||false|false&#8221; box_shadow_style=&#8221;preset4&#8243; box_shadow_horizontal=&#8221;30vw&#8221; box_shadow_vertical=&#8221;0px&#8221; box_shadow_color=&#8221;#e1cca5&#8243; box_shadow_horizontal_tablet=&#8221;0px&#8221; box_shadow_horizontal_phone=&#8221;&#8221; box_shadow_horizontal_last_edited=&#8221;on|phone&#8221; global_colors_info=&#8221;{}&#8221;][et_pb_column type=&#8221;1_2&#8243; _builder_version=&#8221;4.16&#8243; global_colors_info=&#8221;{}&#8221;][et_pb_text admin_label=&#8221;T\u00edtulo&#8221; _builder_version=&#8221;4.27.4&#8243; header_font=&#8221;||||||||&#8221; header_3_font=&#8221;Playfair Display|700|||||||&#8221; header_3_font_size=&#8221;50px&#8221; header_3_line_height=&#8221;1.2em&#8221; max_width=&#8221;800px&#8221; max_width_last_edited=&#8221;off|phone&#8221; text_font_size_phone=&#8221;16px&#8221; text_font_size_last_edited=&#8221;off|desktop&#8221; header_3_font_size_tablet=&#8221;40px&#8221; header_3_font_size_phone=&#8221;30px&#8221; header_3_font_size_last_edited=&#8221;on|phone&#8221; locked=&#8221;off&#8221; global_colors_info=&#8221;{}&#8221;]<\/p>\n<h3>Vasconic and Roman City<\/h3>\n<p>[\/et_pb_text][et_pb_text _builder_version=&#8221;4.27.4&#8243; header_font=&#8221;||||||||&#8221; header_3_font=&#8221;Playfair Display|700|||||||&#8221; header_3_font_size=&#8221;50px&#8221; header_3_line_height=&#8221;1.2em&#8221; text_font_size_tablet=&#8221;&#8221; text_font_size_phone=&#8221;16px&#8221; text_font_size_last_edited=&#8221;on|phone&#8221; header_3_font_size_tablet=&#8221;40px&#8221; header_3_font_size_phone=&#8221;30px&#8221; header_3_font_size_last_edited=&#8221;on|phone&#8221; locked=&#8221;off&#8221; global_colors_info=&#8221;{}&#8221;]Today, Santa Criz de Eslava is the most monumental of the Roman cities preserved in Navarre and, probably, one of the most impressive in the northern Iberian Peninsula.<\/p>\n<p>Located just 40 minutes from Pamplona, in the heart of Eastern Middle Navarre, in the Sang\u00fcesa Region, the site, which preserves the remains of what was the city&#8217;s forum and necropolis, offers an extraordinary glimpse into the public sphere of the Roman cities of the Basque region. In this sense, a visit here is a good complement to those of <span> <\/span><em>Andelo<\/em><span> <\/span>(Mendigorr\u00eda),<span> <\/span><em>Cara<\/em><span> <\/span>(Santacara) or Los Ba\u00f1ales (Uncastillo), the latter already in the lands of Zaragoza. Santa Criz de Eslava is also a good excuse to discover other Roman remains of notable value in its vicinity, such as the Roman villa of Li\u00e9dena or the buildings that remain of the city of the <span> <\/span><em>Iluberitani<\/em>, in Lumbier.<\/p>\n<p>The site was discovered in 1917 by the priest Juan Castrillo, and since the mid-1990s it has been the subject of continuous archaeological excavations led by the team of Tx. Mateo, P. S\u00e1ez and R. Armend\u00e1riz. Currently, thanks to a collaboration agreement signed between the Eslava Town Council and the Faculty of Philosophy and Letters of the University of Navarre, guided tours are organised for groups and various events that seek to bring life back to this true reflection of Rome in Basque territory.[\/et_pb_text][et_pb_button button_url=&#8221;https:\/\/eslava.es\/en\/tourism\/#santa-criz-de-eslava&#8221; button_text=&#8221;Visit Santa Criz&#8221; button_alignment=&#8221;left&#8221; _builder_version=&#8221;4.27.4&#8243; custom_button=&#8221;on&#8221; button_text_size=&#8221;12px&#8221; button_text_color=&#8221;#ffffff&#8221; button_bg_color=&#8221;gcid-a934bb9e-93e5-47a6-80c8-11a12b7f528b&#8221; button_bg_color_gradient_direction=&#8221;89deg&#8221; button_bg_color_gradient_stops=&#8221;#ffcfaa 0%|#fa6eb9 100%&#8221; button_bg_color_gradient_start=&#8221;#ffcfaa&#8221; button_bg_color_gradient_end=&#8221;#fa6eb9&#8243; button_border_width=&#8221;0px&#8221; button_border_radius=&#8221;100px&#8221; button_letter_spacing=&#8221;4px&#8221; button_font=&#8221;|700||on|||||&#8221; button_use_icon=&#8221;off&#8221; custom_margin=&#8221;||||false|false&#8221; custom_padding=&#8221;20px|40px|20px|40px|true|true&#8221; box_shadow_style=&#8221;preset3&#8243; box_shadow_vertical=&#8221;10px&#8221; box_shadow_blur=&#8221;20px&#8221; box_shadow_spread=&#8221;0px&#8221; box_shadow_color=&#8221;rgba(234,193,2,0.5)&#8221; locked=&#8221;off&#8221; global_colors_info=&#8221;{%22gcid-a934bb9e-93e5-47a6-80c8-11a12b7f528b%22:%91%22button_bg_color%22%93}&#8221;][\/et_pb_button][\/et_pb_column][et_pb_column type=&#8221;1_2&#8243; _builder_version=&#8221;4.16&#8243; global_colors_info=&#8221;{}&#8221;][et_pb_image src=&#8221;https:\/\/eslava.es\/wp-content\/uploads\/2025\/07\/DSC02967.jpg&#8221; title_text=&#8221;DSC02967&#8243; show_bottom_space=&#8221;off&#8221; _builder_version=&#8221;4.27.4&#8243; box_shadow_style=&#8221;preset4&#8243; box_shadow_horizontal=&#8221;20vw&#8221; box_shadow_vertical=&#8221;25vw&#8221; box_shadow_color=&#8221;#2e444e&#8221; global_colors_info=&#8221;{}&#8221;][\/et_pb_image][\/et_pb_column][\/et_pb_row][\/et_pb_section][et_pb_section fb_built=&#8221;1&#8243; admin_label=&#8221;Subsecciones&#8221; _builder_version=&#8221;4.27.4&#8243; _module_preset=&#8221;default&#8221; global_colors_info=&#8221;{}&#8221;][et_pb_row column_structure=&#8221;1_3,1_3,1_3&#8243; use_custom_gutter=&#8221;on&#8221; make_equal=&#8221;on&#8221; _builder_version=&#8221;4.27.4&#8243; max_width=&#8221;1200px&#8221; custom_padding=&#8221;4rem||||false|false&#8221; locked=&#8221;off&#8221; global_colors_info=&#8221;{}&#8221;][et_pb_column type=&#8221;1_3&#8243; _builder_version=&#8221;4.16&#8243; global_colors_info=&#8221;{}&#8221;][et_pb_text _builder_version=&#8221;4.27.4&#8243; header_3_font=&#8221;|700||on|||||&#8221; header_3_font_size=&#8221;16px&#8221; header_3_letter_spacing=&#8221;6px&#8221; header_3_line_height=&#8221;1.2em&#8221; use_background_color_gradient=&#8221;on&#8221; background_color_gradient_stops=&#8221;rgba(52,43,28,0.45) 0%|#342b1c 100%&#8221; background_color_gradient_overlays_image=&#8221;on&#8221; background_color_gradient_start=&#8221;rgba(52,43,28,0.45)&#8221; background_color_gradient_end=&#8221;#342b1c&#8221; background_image=&#8221;https:\/\/eslava.es\/wp-content\/uploads\/2025\/08\/ciudad-prerromana-2.jpg&#8221; z_index=&#8221;11&#8243; text_orientation=&#8221;center&#8221; background_layout=&#8221;dark&#8221; custom_margin=&#8221;||0px||false|false&#8221; custom_padding=&#8221;300px||100px||false|false&#8221; custom_padding_tablet=&#8221;80px||80px||true|false&#8221; custom_padding_phone=&#8221;&#8221; custom_padding_last_edited=&#8221;on|phone&#8221; link_option_url=&#8221;https:\/\/eslava.es\/en\/santa-criz-de-eslava\/the-pre-roman-city\/&#8221; global_colors_info=&#8221;{}&#8221; custom_padding__hover_enabled=&#8221;on|desktop&#8221; custom_padding__hover=&#8221;280px||120px||false|false&#8221;]<\/p>\n<h3>The pre-Roman City<\/h3>\n<p>[\/et_pb_text][et_pb_button button_url=&#8221;https:\/\/eslava.es\/en\/santa-criz-de-eslava\/the-pre-roman-city\/&#8221; button_text=&#8221; &#8221; button_alignment=&#8221;center&#8221; _builder_version=&#8221;4.27.4&#8243; custom_button=&#8221;on&#8221; button_text_color=&#8221;#ffffff&#8221; button_bg_color=&#8221;#dcc59d&#8221; button_border_width=&#8221;0px&#8221; button_border_radius=&#8221;0px&#8221; button_icon=&#8221;&#x24;||divi||400&#8243; button_on_hover=&#8221;off&#8221; transform_translate=&#8221;0px|-8px&#8221; transform_translate_linked=&#8221;off&#8221; custom_margin=&#8221;||||false|false&#8221; custom_padding=&#8221;10px|130px|34px|100px|false|false&#8221; global_colors_info=&#8221;{}&#8221; custom_padding__hover_enabled=&#8221;on|hover&#8221; custom_padding__hover=&#8221;6px||38px||false|false&#8221; custom_margin__hover_enabled=&#8221;off|desktop&#8221; custom_margin__hover=&#8221;||0px||false|false&#8221; transform_styles__hover_enabled=&#8221;on|hover&#8221; transform_scale__hover_enabled=&#8221;on|desktop&#8221; transform_translate__hover_enabled=&#8221;on|hover&#8221; transform_rotate__hover_enabled=&#8221;on|desktop&#8221; transform_skew__hover_enabled=&#8221;on|desktop&#8221; transform_origin__hover_enabled=&#8221;on|desktop&#8221; transform_translate__hover=&#8221;0px|0px&#8221;][\/et_pb_button][\/et_pb_column][et_pb_column type=&#8221;1_3&#8243; _builder_version=&#8221;4.16&#8243; global_colors_info=&#8221;{}&#8221;][et_pb_text _builder_version=&#8221;4.27.4&#8243; header_3_font=&#8221;|700||on|||||&#8221; header_3_font_size=&#8221;16px&#8221; header_3_letter_spacing=&#8221;6px&#8221; header_3_line_height=&#8221;1.2em&#8221; use_background_color_gradient=&#8221;on&#8221; background_color_gradient_stops=&#8221;rgba(52,43,28,0.45) 0%|#342b1c 100%&#8221; background_color_gradient_overlays_image=&#8221;on&#8221; background_color_gradient_start=&#8221;rgba(52,43,28,0.45)&#8221; background_color_gradient_end=&#8221;#342b1c&#8221; background_image=&#8221;https:\/\/eslava.es\/wp-content\/uploads\/2025\/08\/foro-imperial.jpg&#8221; z_index=&#8221;11&#8243; text_orientation=&#8221;center&#8221; background_layout=&#8221;dark&#8221; custom_margin=&#8221;||0px||false|false&#8221; custom_padding=&#8221;300px||100px||false|false&#8221; custom_padding_tablet=&#8221;80px||80px||true|false&#8221; custom_padding_phone=&#8221;&#8221; custom_padding_last_edited=&#8221;on|phone&#8221; link_option_url=&#8221;https:\/\/eslava.es\/en\/santa-criz-de-eslava\/the-imperial-forum\/&#8221; locked=&#8221;off&#8221; global_colors_info=&#8221;{}&#8221; custom_padding__hover=&#8221;280px||120px||false|false&#8221; custom_padding__hover_enabled=&#8221;on|desktop&#8221;]<\/p>\n<h3>The Imperial Forum<\/h3>\n<p>[\/et_pb_text][et_pb_button button_url=&#8221;https:\/\/eslava.es\/en\/santa-criz-de-eslava\/the-imperial-forum\/&#8221; button_text=&#8221; &#8221; button_alignment=&#8221;center&#8221; _builder_version=&#8221;4.27.4&#8243; custom_button=&#8221;on&#8221; button_text_color=&#8221;#ffffff&#8221; button_bg_color=&#8221;#2e444e&#8221; button_border_width=&#8221;0px&#8221; button_border_radius=&#8221;0px&#8221; button_icon=&#8221;&#x24;||divi||400&#8243; button_on_hover=&#8221;off&#8221; transform_translate=&#8221;0px|-8px&#8221; transform_translate_linked=&#8221;off&#8221; custom_margin=&#8221;||||false|false&#8221; custom_padding=&#8221;10px|130px|34px|100px|false|false&#8221; global_colors_info=&#8221;{}&#8221; custom_padding__hover_enabled=&#8221;on|hover&#8221; custom_padding__hover=&#8221;6px||38px||false|false&#8221; custom_margin__hover_enabled=&#8221;off|desktop&#8221; transform_styles__hover_enabled=&#8221;on|hover&#8221; transform_scale__hover_enabled=&#8221;on|hover&#8221; transform_translate__hover_enabled=&#8221;on|hover&#8221; transform_translate__hover=&#8221;0px|0px&#8221;][\/et_pb_button][\/et_pb_column][et_pb_column type=&#8221;1_3&#8243; _builder_version=&#8221;4.16&#8243; global_colors_info=&#8221;{}&#8221;][et_pb_text _builder_version=&#8221;4.27.4&#8243; header_3_font=&#8221;|700||on|||||&#8221; header_3_font_size=&#8221;16px&#8221; header_3_letter_spacing=&#8221;6px&#8221; header_3_line_height=&#8221;1.2em&#8221; use_background_color_gradient=&#8221;on&#8221; background_color_gradient_stops=&#8221;rgba(52,43,28,0.45) 0%|#342b1c 100%&#8221; background_color_gradient_overlays_image=&#8221;on&#8221; background_color_gradient_start=&#8221;rgba(52,43,28,0.45)&#8221; background_color_gradient_end=&#8221;#342b1c&#8221; background_image=&#8221;https:\/\/eslava.es\/wp-content\/uploads\/2025\/08\/carbones.jpg&#8221; z_index=&#8221;11&#8243; text_orientation=&#8221;center&#8221; background_layout=&#8221;dark&#8221; custom_margin=&#8221;||0px||false|false&#8221; custom_padding=&#8221;300px||100px||false|false&#8221; custom_padding_tablet=&#8221;80px||80px||true|false&#8221; custom_padding_phone=&#8221;&#8221; custom_padding_last_edited=&#8221;on|phone&#8221; link_option_url=&#8221;https:\/\/eslava.es\/en\/santa-criz-de-eslava\/the-civic-necropolis\/&#8221; locked=&#8221;off&#8221; global_colors_info=&#8221;{}&#8221; border_color_bottom__hover_enabled=&#8221;on|desktop&#8221; border_color_bottom__hover=&#8221;#bebebe&#8221; custom_padding__hover=&#8221;280px||120px||false|false&#8221; custom_padding__hover_enabled=&#8221;on|desktop&#8221;]<\/p>\n<h3>The Civic Necropolis<\/h3>\n<p>[\/et_pb_text][et_pb_button button_url=&#8221;https:\/\/eslava.es\/en\/santa-criz-de-eslava\/the-civic-necropolis\/&#8221; button_text=&#8221; &#8221; button_alignment=&#8221;center&#8221; _builder_version=&#8221;4.27.4&#8243; custom_button=&#8221;on&#8221; button_text_color=&#8221;#ffffff&#8221; button_bg_color=&#8221;#bebebe&#8221; button_border_width=&#8221;0px&#8221; button_border_radius=&#8221;0px&#8221; button_icon=&#8221;&#x24;||divi||400&#8243; button_on_hover=&#8221;off&#8221; transform_translate=&#8221;0px|-8px&#8221; transform_translate_linked=&#8221;off&#8221; custom_margin=&#8221;||||false|false&#8221; custom_padding=&#8221;10px|130px|34px|100px|false|false&#8221; global_colors_info=&#8221;{}&#8221; custom_padding__hover_enabled=&#8221;on|hover&#8221; custom_padding__hover=&#8221;6px||38px||false|false&#8221; custom_margin__hover_enabled=&#8221;off|desktop&#8221; transform_styles__hover_enabled=&#8221;on|hover&#8221; transform_translate__hover=&#8221;0px|0px&#8221;][\/et_pb_button][\/et_pb_column][\/et_pb_row][\/et_pb_section][et_pb_section fb_built=&#8221;1&#8243; custom_padding_last_edited=&#8221;on|phone&#8221; admin_label=&#8221;Museo digital&#8221; _builder_version=&#8221;4.27.4&#8243; _module_preset=&#8221;default&#8221; background_image=&#8221;https:\/\/eslava.es\/wp-content\/uploads\/2025\/08\/museo-digital.jpg&#8221; custom_padding=&#8221;94px||94px||false|false&#8221; custom_padding_tablet=&#8221;94px||94px||false|false&#8221; custom_padding_phone=&#8221;60px||60px||true|false&#8221; hover_enabled=&#8221;0&#8243; border_width_bottom=&#8221;5px&#8221; border_color_bottom=&#8221;gcid-7f97073d-b960-4482-bdc7-605cdf94679e&#8221; locked=&#8221;off&#8221; global_colors_info=&#8221;{%22gcid-7f97073d-b960-4482-bdc7-605cdf94679e%22:%91%22border_color_bottom%22%93}&#8221; module_id=&#8221;museo-virtual&#8221; sticky_enabled=&#8221;0&#8243;][et_pb_row column_structure=&#8221;2_3,1_3&#8243; _builder_version=&#8221;4.27.4&#8243; _module_preset=&#8221;default&#8221; custom_padding=&#8221;||60px||false|false&#8221; global_colors_info=&#8221;{}&#8221;][et_pb_column type=&#8221;2_3&#8243; _builder_version=&#8221;4.27.4&#8243; _module_preset=&#8221;default&#8221; global_colors_info=&#8221;{}&#8221;][et_pb_text _builder_version=&#8221;4.27.4&#8243; _module_preset=&#8221;default&#8221; text_font=&#8221;Playfair Display|700|||||||&#8221; text_text_color=&#8221;gcid-67173c70-80e4-45ca-a7d9-b6aae9f179d4&#8243; text_font_size=&#8221;50px&#8221; text_line_height=&#8221;1.2em&#8221; global_colors_info=&#8221;{%22gcid-67173c70-80e4-45ca-a7d9-b6aae9f179d4%22:%91%22text_text_color%22%93}&#8221;]<\/p>\n<p>Discover our virtual museum<\/p>\n<p>[\/et_pb_text][et_pb_button button_url=&#8221;https:\/\/sketchfab.com\/santacrizmv&#8221; url_new_window=&#8221;on&#8221; button_text=&#8221;Visit&#8221; button_alignment=&#8221;left&#8221; _builder_version=&#8221;4.27.4&#8243; custom_button=&#8221;on&#8221; button_text_size=&#8221;12px&#8221; button_text_color=&#8221;#ffffff&#8221; button_bg_color=&#8221;gcid-a934bb9e-93e5-47a6-80c8-11a12b7f528b&#8221; button_bg_color_gradient_direction=&#8221;89deg&#8221; button_bg_color_gradient_stops=&#8221;#ffcfaa 0%|#fa6eb9 100%&#8221; button_bg_color_gradient_start=&#8221;#ffcfaa&#8221; button_bg_color_gradient_end=&#8221;#fa6eb9&#8243; button_border_width=&#8221;0px&#8221; button_border_radius=&#8221;100px&#8221; button_letter_spacing=&#8221;4px&#8221; button_font=&#8221;|700||on|||||&#8221; button_use_icon=&#8221;off&#8221; custom_margin=&#8221;||||false|false&#8221; custom_padding=&#8221;20px|40px|20px|40px|true|true&#8221; box_shadow_style=&#8221;preset3&#8243; box_shadow_vertical=&#8221;10px&#8221; box_shadow_blur=&#8221;20px&#8221; box_shadow_spread=&#8221;0px&#8221; box_shadow_color=&#8221;rgba(234,193,2,0.5)&#8221; locked=&#8221;off&#8221; global_colors_info=&#8221;{%22gcid-a934bb9e-93e5-47a6-80c8-11a12b7f528b%22:%91%22button_bg_color%22%93}&#8221;][\/et_pb_button][\/et_pb_column][et_pb_column type=&#8221;1_3&#8243; _builder_version=&#8221;4.27.4&#8243; _module_preset=&#8221;default&#8221; global_colors_info=&#8221;{}&#8221;][\/et_pb_column][\/et_pb_row][\/et_pb_section][et_pb_section fb_built=&#8221;1&#8243; admin_label=&#8221;Investigaciones&#8221; _builder_version=&#8221;4.27.4&#8243; background_enable_image=&#8221;off&#8221; background_size=&#8221;initial&#8221; background_position=&#8221;center_right&#8221; custom_margin=&#8221;||80px||false|false&#8221; custom_padding=&#8221;||||false|false&#8221; hover_enabled=&#8221;0&#8243; background_last_edited=&#8221;off|phone&#8221; background_enable_image_tablet=&#8221;off&#8221; locked=&#8221;off&#8221; global_colors_info=&#8221;{}&#8221; module_id=&#8221;investigaciones&#8221; sticky_enabled=&#8221;0&#8243;][et_pb_row admin_label=&#8221;Row&#8221; _builder_version=&#8221;4.27.4&#8243; _module_preset=&#8221;default&#8221; global_colors_info=&#8221;{}&#8221;][et_pb_column type=&#8221;4_4&#8243; _builder_version=&#8221;4.27.4&#8243; _module_preset=&#8221;default&#8221; global_colors_info=&#8221;{}&#8221;][et_pb_text admin_label=&#8221;T\u00edtulo&#8221; _builder_version=&#8221;4.27.4&#8243; header_font=&#8221;||||||||&#8221; header_2_font=&#8221;Playfair Display|700|||||||&#8221; header_2_font_size=&#8221;50px&#8221; header_2_line_height=&#8221;1.2em&#8221; header_3_font=&#8221;Playfair Display|700|||||||&#8221; header_3_font_size=&#8221;50px&#8221; header_3_line_height=&#8221;1.2em&#8221; max_width=&#8221;800px&#8221; text_font_size_phone=&#8221;16px&#8221; text_font_size_last_edited=&#8221;off|desktop&#8221; header_2_font_size_tablet=&#8221;40px&#8221; header_2_font_size_phone=&#8221;30px&#8221; header_2_font_size_last_edited=&#8221;on|phone&#8221; header_3_font_size_tablet=&#8221;40px&#8221; header_3_font_size_phone=&#8221;30px&#8221; header_3_font_size_last_edited=&#8221;on|phone&#8221; locked=&#8221;off&#8221; global_colors_info=&#8221;{}&#8221;]<\/p>\n<h2>Research<\/h2>\n<p>[\/et_pb_text][\/et_pb_column][\/et_pb_row][et_pb_row column_structure=&#8221;1_2,1_2&#8243; admin_label=&#8221;1917&#8243; _builder_version=&#8221;4.16&#8243; locked=&#8221;off&#8221; global_colors_info=&#8221;{}&#8221;][et_pb_column type=&#8221;1_2&#8243; _builder_version=&#8221;4.16&#8243; global_colors_info=&#8221;{}&#8221;][et_pb_image src=&#8221;https:\/\/eslava.es\/wp-content\/uploads\/2025\/08\/excavaciones-antecedentes-2.jpg&#8221; title_text=&#8221;excavaciones-antecedentes-2&#8243; show_bottom_space=&#8221;off&#8221; _builder_version=&#8221;4.27.4&#8243; z_index=&#8221;11&#8243; global_colors_info=&#8221;{}&#8221;][\/et_pb_image][et_pb_button button_url=&#8221;https:\/\/eslava.es\/santa-criz-de-eslava\/investigaciones-antecedentes\/&#8221; button_text=&#8221;See more&#8221; button_alignment=&#8221;right&#8221; _builder_version=&#8221;4.27.4&#8243; custom_button=&#8221;on&#8221; button_text_size=&#8221;16px&#8221; button_text_color=&#8221;#ffffff&#8221; button_bg_color=&#8221;#2e444e&#8221; button_border_width=&#8221;0px&#8221; button_border_radius=&#8221;0px&#8221; button_font=&#8221;|700|||||||&#8221; button_icon=&#8221;&#x24;||divi||400&#8243; button_on_hover=&#8221;off&#8221; transform_translate=&#8221;0px|-8px&#8221; transform_translate_linked=&#8221;off&#8221; custom_margin=&#8221;||||false|false&#8221; custom_padding=&#8221;10px|130px|4px|100px|false|false&#8221; locked=&#8221;off&#8221; global_colors_info=&#8221;{}&#8221; custom_padding__hover_enabled=&#8221;on|hover&#8221; custom_padding__hover=&#8221;6px||8px||false|false&#8221; custom_margin__hover_enabled=&#8221;off|desktop&#8221; transform_styles__hover_enabled=&#8221;on|hover&#8221; transform_scale__hover_enabled=&#8221;on|hover&#8221; transform_translate__hover_enabled=&#8221;on|hover&#8221; transform_translate__hover=&#8221;0px|0px&#8221;][\/et_pb_button][\/et_pb_column][et_pb_column type=&#8221;1_2&#8243; _builder_version=&#8221;4.16&#8243; custom_padding=&#8221;30px||||false|false&#8221; custom_padding_tablet=&#8221;0px||||false|false&#8221; custom_padding_phone=&#8221;&#8221; custom_padding_last_edited=&#8221;on|tablet&#8221; global_colors_info=&#8221;{}&#8221;][et_pb_text _builder_version=&#8221;4.27.4&#8243; _module_preset=&#8221;default&#8221; text_font=&#8221;|700|||||||&#8221; text_text_color=&#8221;gcid-7f97073d-b960-4482-bdc7-605cdf94679e&#8221; text_line_height=&#8221;1em&#8221; custom_margin=&#8221;||10px||false|false&#8221; global_colors_info=&#8221;{%22gcid-7f97073d-b960-4482-bdc7-605cdf94679e%22:%91%22text_text_color%22%93}&#8221;]<\/p>\n<p>1917-1994<\/p>\n<p>[\/et_pb_text][et_pb_text module_class=&#8221;texto-investigaciones&#8221; _builder_version=&#8221;4.27.4&#8243; header_font=&#8221;||||||||&#8221; header_3_font=&#8221;Playfair Display|700|||||||&#8221; header_3_font_size=&#8221;28px&#8221; header_3_line_height=&#8221;1.6em&#8221; header_4_font=&#8221;|700|||||||&#8221; header_4_text_color=&#8221;#dcc59d&#8221; header_4_font_size=&#8221;16px&#8221; header_4_line_height=&#8221;1.4em&#8221; max_width=&#8221;800px&#8221; text_font_size_tablet=&#8221;&#8221; text_font_size_phone=&#8221;16px&#8221; text_font_size_last_edited=&#8221;on|phone&#8221; header_3_font_size_tablet=&#8221;&#8221; header_3_font_size_phone=&#8221;&#8221; header_3_font_size_last_edited=&#8221;on|desktop&#8221; locked=&#8221;off&#8221; global_colors_info=&#8221;{}&#8221;]<\/p>\n<h3>Background<\/h3>\n<p>In 2017, one hundred years have passed since the name of Santa Criz de Eslava was first reflected in a scientific publication. It was in 1917 when Juan Castrillo, then parish priest of Sada, published in the <em>Bulletin of the Commission of Monuments of Navarre<\/em> a milestone of the emperors Maximino and M\u00e1ximo dated in the year 238 AD&#8230; <a href=\"https:\/\/eslava.es\/santa-criz-de-eslava\/investigaciones-antecedentes\/\">Read more<\/a>[\/et_pb_text][\/et_pb_column][\/et_pb_row][et_pb_row column_structure=&#8221;1_2,1_2&#8243; admin_label=&#8221;1994&#8243; _builder_version=&#8221;4.16&#8243; locked=&#8221;off&#8221; global_colors_info=&#8221;{}&#8221;][et_pb_column type=&#8221;1_2&#8243; _builder_version=&#8221;4.16&#8243; global_colors_info=&#8221;{}&#8221;][et_pb_image src=&#8221;https:\/\/eslava.es\/wp-content\/uploads\/2025\/08\/excavaciones-primera-campana-excavaciones-2.jpg&#8221; alt=&#8221;Surveys in Santa Criz de Eslava in 1994&#8243; title_text=&#8221;Surveys in Santa Criz de Eslava in 1994&#8243; show_bottom_space=&#8221;off&#8221; _builder_version=&#8221;4.27.4&#8243; z_index=&#8221;11&#8243; global_colors_info=&#8221;{}&#8221;][\/et_pb_image][et_pb_button button_url=&#8221;https:\/\/eslava.es\/santa-criz-de-eslava\/investigaciones-prospecciones\/&#8221; button_text=&#8221;See more&#8221; button_alignment=&#8221;right&#8221; _builder_version=&#8221;4.27.4&#8243; custom_button=&#8221;on&#8221; button_text_size=&#8221;16px&#8221; button_text_color=&#8221;#ffffff&#8221; button_bg_color=&#8221;#2e444e&#8221; button_border_width=&#8221;0px&#8221; button_border_radius=&#8221;0px&#8221; button_font=&#8221;|700|||||||&#8221; button_icon=&#8221;&#x24;||divi||400&#8243; button_on_hover=&#8221;off&#8221; transform_translate=&#8221;0px|-8px&#8221; transform_translate_linked=&#8221;off&#8221; custom_margin=&#8221;||||false|false&#8221; custom_padding=&#8221;10px|130px|4px|100px|false|false&#8221; locked=&#8221;off&#8221; global_colors_info=&#8221;{}&#8221; custom_padding__hover_enabled=&#8221;on|hover&#8221; custom_padding__hover=&#8221;6px||8px||false|false&#8221; custom_margin__hover_enabled=&#8221;off|desktop&#8221; transform_styles__hover_enabled=&#8221;on|hover&#8221; transform_scale__hover_enabled=&#8221;on|hover&#8221; transform_translate__hover_enabled=&#8221;on|hover&#8221; transform_translate__hover=&#8221;0px|0px&#8221;][\/et_pb_button][\/et_pb_column][et_pb_column type=&#8221;1_2&#8243; _builder_version=&#8221;4.16&#8243; custom_padding=&#8221;30px||||false|false&#8221; custom_padding_tablet=&#8221;0px||||false|false&#8221; custom_padding_phone=&#8221;&#8221; custom_padding_last_edited=&#8221;on|tablet&#8221; global_colors_info=&#8221;{}&#8221;][et_pb_text _builder_version=&#8221;4.27.4&#8243; _module_preset=&#8221;default&#8221; text_font=&#8221;|700|||||||&#8221; text_text_color=&#8221;gcid-7f97073d-b960-4482-bdc7-605cdf94679e&#8221; text_line_height=&#8221;1em&#8221; custom_margin=&#8221;||10px||false|false&#8221; global_colors_info=&#8221;{%22gcid-7f97073d-b960-4482-bdc7-605cdf94679e%22:%91%22text_text_color%22%93}&#8221;]<\/p>\n<p>1994<\/p>\n<p>[\/et_pb_text][et_pb_text module_class=&#8221;texto-investigaciones&#8221; _builder_version=&#8221;4.27.4&#8243; header_font=&#8221;||||||||&#8221; header_3_font=&#8221;Playfair Display|700|||||||&#8221; header_3_font_size=&#8221;28px&#8221; header_3_line_height=&#8221;1.6em&#8221; header_4_font=&#8221;|700|||||||&#8221; header_4_text_color=&#8221;#dcc59d&#8221; header_4_font_size=&#8221;16px&#8221; header_4_line_height=&#8221;1.4em&#8221; max_width=&#8221;800px&#8221; text_font_size_tablet=&#8221;&#8221; text_font_size_phone=&#8221;16px&#8221; text_font_size_last_edited=&#8221;on|phone&#8221; header_3_font_size_tablet=&#8221;&#8221; header_3_font_size_phone=&#8221;&#8221; header_3_font_size_last_edited=&#8221;on|desktop&#8221; locked=&#8221;off&#8221; global_colors_info=&#8221;{}&#8221;]<\/p>\n<h3>Prospecting<\/h3>\n<p>In 1994, Pilar S\u00e1ez de Alb\u00e9niz, Rosa Armend\u00e1riz and Txaro Mateo carried out the <strong>systematic surveys that covered part of the municipal district of Eslava<\/strong> (excluding the reforested forest areas of the north and south of the town), which served to lay the foundations of the historical context of the enclave in its immediate environment&#8230; <a href=\"https:\/\/eslava.es\/santa-criz-de-eslava\/investigaciones-prospecciones\/\">Read more<\/a><\/p>\n<p>[\/et_pb_text][\/et_pb_column][\/et_pb_row][et_pb_row column_structure=&#8221;1_2,1_2&#8243; admin_label=&#8221;1995&#8243; _builder_version=&#8221;4.16&#8243; locked=&#8221;off&#8221; global_colors_info=&#8221;{}&#8221;][et_pb_column type=&#8221;1_2&#8243; _builder_version=&#8221;4.16&#8243; global_colors_info=&#8221;{}&#8221;][et_pb_image src=&#8221;https:\/\/eslava.es\/wp-content\/uploads\/2025\/08\/excavaciones-segunda-campana-excavaciones.jpg&#8221; alt=&#8221;First excavation campaign in Santa Criz de Eslava in 1995&#8243; title_text=&#8221;First excavation campaign in Santa Criz de Eslava in 1995&#8243; show_bottom_space=&#8221;off&#8221; _builder_version=&#8221;4.27.4&#8243; z_index=&#8221;11&#8243; global_colors_info=&#8221;{}&#8221;][\/et_pb_image][et_pb_button button_url=&#8221;https:\/\/eslava.es\/santa-criz-de-eslava\/investigaciones-primera-campana-excavacion\/&#8221; button_text=&#8221;See more&#8221; button_alignment=&#8221;right&#8221; _builder_version=&#8221;4.27.4&#8243; custom_button=&#8221;on&#8221; button_text_size=&#8221;16px&#8221; button_text_color=&#8221;#ffffff&#8221; button_bg_color=&#8221;#2e444e&#8221; button_border_width=&#8221;0px&#8221; button_border_radius=&#8221;0px&#8221; button_font=&#8221;|700|||||||&#8221; button_icon=&#8221;&#x24;||divi||400&#8243; button_on_hover=&#8221;off&#8221; transform_translate=&#8221;0px|-8px&#8221; transform_translate_linked=&#8221;off&#8221; custom_margin=&#8221;||||false|false&#8221; custom_padding=&#8221;10px|130px|4px|100px|false|false&#8221; locked=&#8221;off&#8221; global_colors_info=&#8221;{}&#8221; custom_padding__hover_enabled=&#8221;on|hover&#8221; custom_padding__hover=&#8221;6px||8px||false|false&#8221; custom_margin__hover_enabled=&#8221;off|desktop&#8221; transform_styles__hover_enabled=&#8221;on|hover&#8221; transform_scale__hover_enabled=&#8221;on|hover&#8221; transform_translate__hover_enabled=&#8221;on|hover&#8221; transform_translate__hover=&#8221;0px|0px&#8221;][\/et_pb_button][\/et_pb_column][et_pb_column type=&#8221;1_2&#8243; _builder_version=&#8221;4.16&#8243; custom_padding=&#8221;30px||||false|false&#8221; custom_padding_tablet=&#8221;0px||||false|false&#8221; custom_padding_phone=&#8221;&#8221; custom_padding_last_edited=&#8221;on|tablet&#8221; global_colors_info=&#8221;{}&#8221;][et_pb_text _builder_version=&#8221;4.27.4&#8243; _module_preset=&#8221;default&#8221; text_font=&#8221;|700|||||||&#8221; text_text_color=&#8221;gcid-7f97073d-b960-4482-bdc7-605cdf94679e&#8221; text_line_height=&#8221;1em&#8221; custom_margin=&#8221;||10px||false|false&#8221; global_colors_info=&#8221;{%22gcid-7f97073d-b960-4482-bdc7-605cdf94679e%22:%91%22text_text_color%22%93}&#8221;]<\/p>\n<p>1995<\/p>\n<p>[\/et_pb_text][et_pb_text module_class=&#8221;texto-investigaciones&#8221; _builder_version=&#8221;4.27.4&#8243; header_font=&#8221;||||||||&#8221; header_3_font=&#8221;Playfair Display|700|||||||&#8221; header_3_font_size=&#8221;28px&#8221; header_3_line_height=&#8221;1.6em&#8221; header_4_font=&#8221;|700|||||||&#8221; header_4_text_color=&#8221;#dcc59d&#8221; header_4_font_size=&#8221;16px&#8221; header_4_line_height=&#8221;1.4em&#8221; max_width=&#8221;800px&#8221; text_font_size_tablet=&#8221;&#8221; text_font_size_phone=&#8221;16px&#8221; text_font_size_last_edited=&#8221;on|phone&#8221; header_3_font_size_tablet=&#8221;&#8221; header_3_font_size_phone=&#8221;&#8221; header_3_font_size_last_edited=&#8221;on|desktop&#8221; locked=&#8221;off&#8221; global_colors_info=&#8221;{}&#8221;]<\/p>\n<h3>First Excavation Campaign<\/h3>\n<p><span>In 1995 <strong>mechanical surveys<\/strong> were carried out on plot 163, which allowed the exhumation of archaeological structures, including the funerary enclosure called Mausoleum 1. Given the importance of the discovery, the team formed by Pilar S\u00e1ez de Alb\u00e9niz, Rosa Armend\u00e1riz and Txaro Mateo&#8230;  <a href=\"https:\/\/eslava.es\/santa-criz-de-eslava\/investigaciones-primera-campana-excavacion\/\">Read more<\/a><\/span><\/p>\n<p>[\/et_pb_text][\/et_pb_column][\/et_pb_row][et_pb_row column_structure=&#8221;1_2,1_2&#8243; admin_label=&#8221;1996&#8243; _builder_version=&#8221;4.16&#8243; locked=&#8221;off&#8221; global_colors_info=&#8221;{}&#8221;][et_pb_column type=&#8221;1_2&#8243; _builder_version=&#8221;4.16&#8243; global_colors_info=&#8221;{}&#8221;][et_pb_image src=&#8221;https:\/\/eslava.es\/wp-content\/uploads\/2025\/08\/excavacion-santa-criz-de-eslava.jpg&#8221; alt=&#8221;Second excavation campaign in Santa Criz de Eslava (1996)&#8221; title_text=&#8221;Second excavation campaign in Santa Criz de Eslava (1996)&#8221; show_bottom_space=&#8221;off&#8221; _builder_version=&#8221;4.27.4&#8243; z_index=&#8221;11&#8243; global_colors_info=&#8221;{}&#8221;][\/et_pb_image][et_pb_button button_url=&#8221;https:\/\/eslava.es\/santa-criz-de-eslava\/investigaciones-segunda-campana-excavacion\/&#8221; button_text=&#8221;See more&#8221; button_alignment=&#8221;right&#8221; _builder_version=&#8221;4.27.4&#8243; custom_button=&#8221;on&#8221; button_text_size=&#8221;16px&#8221; button_text_color=&#8221;#ffffff&#8221; button_bg_color=&#8221;#2e444e&#8221; button_border_width=&#8221;0px&#8221; button_border_radius=&#8221;0px&#8221; button_font=&#8221;|700|||||||&#8221; button_icon=&#8221;&#x24;||divi||400&#8243; button_on_hover=&#8221;off&#8221; transform_translate=&#8221;0px|-8px&#8221; transform_translate_linked=&#8221;off&#8221; custom_margin=&#8221;||||false|false&#8221; custom_padding=&#8221;10px|130px|4px|100px|false|false&#8221; locked=&#8221;off&#8221; global_colors_info=&#8221;{}&#8221; custom_padding__hover_enabled=&#8221;on|hover&#8221; custom_padding__hover=&#8221;6px||8px||false|false&#8221; custom_margin__hover_enabled=&#8221;off|desktop&#8221; transform_styles__hover_enabled=&#8221;on|hover&#8221; transform_scale__hover_enabled=&#8221;on|hover&#8221; transform_translate__hover_enabled=&#8221;on|hover&#8221; transform_translate__hover=&#8221;0px|0px&#8221;][\/et_pb_button][\/et_pb_column][et_pb_column type=&#8221;1_2&#8243; _builder_version=&#8221;4.16&#8243; custom_padding=&#8221;30px||||false|false&#8221; custom_padding_tablet=&#8221;0px||||false|false&#8221; custom_padding_phone=&#8221;&#8221; custom_padding_last_edited=&#8221;on|tablet&#8221; global_colors_info=&#8221;{}&#8221;][et_pb_text _builder_version=&#8221;4.27.4&#8243; _module_preset=&#8221;default&#8221; text_font=&#8221;|700|||||||&#8221; text_text_color=&#8221;gcid-7f97073d-b960-4482-bdc7-605cdf94679e&#8221; text_line_height=&#8221;1em&#8221; custom_margin=&#8221;||10px||false|false&#8221; global_colors_info=&#8221;{%22gcid-7f97073d-b960-4482-bdc7-605cdf94679e%22:%91%22text_text_color%22%93}&#8221;]<\/p>\n<p>1996<\/p>\n<p>[\/et_pb_text][et_pb_text module_class=&#8221;texto-investigaciones&#8221; _builder_version=&#8221;4.27.4&#8243; header_font=&#8221;||||||||&#8221; header_3_font=&#8221;Playfair Display|700|||||||&#8221; header_3_font_size=&#8221;28px&#8221; header_3_line_height=&#8221;1.6em&#8221; header_4_font=&#8221;|700|||||||&#8221; header_4_text_color=&#8221;#dcc59d&#8221; header_4_font_size=&#8221;16px&#8221; header_4_line_height=&#8221;1.4em&#8221; max_width=&#8221;800px&#8221; text_font_size_tablet=&#8221;&#8221; text_font_size_phone=&#8221;16px&#8221; text_font_size_last_edited=&#8221;on|phone&#8221; header_3_font_size_tablet=&#8221;&#8221; header_3_font_size_phone=&#8221;&#8221; header_3_font_size_last_edited=&#8221;on|desktop&#8221; locked=&#8221;off&#8221; global_colors_info=&#8221;{}&#8221;]<\/p>\n<h3>Second Excavation Campaign<\/h3>\n<p><span>In 1996, and again with a grant from the Government of Navarre, the same team composed of the three archaeologists Pilar S\u00e1ez de Alb\u00e9niz, Rosa Armend\u00e1riz and Txaro Mateo, and two workers, continued with the archaeological intervention. The work was concentrated in the necropolis, on the hillside and in the western part of it, next to the access road&#8230;.   <a href=\"https:\/\/eslava.es\/santa-criz-de-eslava\/investigaciones-segunda-campana-excavacion\/\">Read more<\/a><\/span><\/p>\n<p>[\/et_pb_text][\/et_pb_column][\/et_pb_row][et_pb_row column_structure=&#8221;1_2,1_2&#8243; admin_label=&#8221;2006&#8243; _builder_version=&#8221;4.16&#8243; locked=&#8221;off&#8221; global_colors_info=&#8221;{}&#8221;][et_pb_column type=&#8221;1_2&#8243; _builder_version=&#8221;4.16&#8243; global_colors_info=&#8221;{}&#8221;][et_pb_image src=&#8221;https:\/\/eslava.es\/wp-content\/uploads\/2025\/08\/excavacion-santa-criz-de-eslava2.jpg&#8221; alt=&#8221;Third excavation campaign in Santa Criz de Eslava (2006)&#8221; title_text=&#8221;Third excavation campaign in Santa Criz de Eslava (2006)&#8221; show_bottom_space=&#8221;off&#8221; _builder_version=&#8221;4.27.4&#8243; z_index=&#8221;11&#8243; global_colors_info=&#8221;{}&#8221;][\/et_pb_image][et_pb_button button_url=&#8221;https:\/\/eslava.es\/santa-criz-de-eslava\/investigaciones-tercera-campana-excavacion\/&#8221; button_text=&#8221;See more&#8221; button_alignment=&#8221;right&#8221; _builder_version=&#8221;4.27.4&#8243; custom_button=&#8221;on&#8221; button_text_size=&#8221;16px&#8221; button_text_color=&#8221;#ffffff&#8221; button_bg_color=&#8221;#2e444e&#8221; button_border_width=&#8221;0px&#8221; button_border_radius=&#8221;0px&#8221; button_font=&#8221;|700|||||||&#8221; button_icon=&#8221;&#x24;||divi||400&#8243; button_on_hover=&#8221;off&#8221; transform_translate=&#8221;0px|-8px&#8221; transform_translate_linked=&#8221;off&#8221; custom_margin=&#8221;||||false|false&#8221; custom_padding=&#8221;10px|130px|4px|100px|false|false&#8221; locked=&#8221;off&#8221; global_colors_info=&#8221;{}&#8221; custom_padding__hover_enabled=&#8221;on|hover&#8221; custom_padding__hover=&#8221;6px||8px||false|false&#8221; custom_margin__hover_enabled=&#8221;off|desktop&#8221; transform_styles__hover_enabled=&#8221;on|hover&#8221; transform_scale__hover_enabled=&#8221;on|hover&#8221; transform_translate__hover_enabled=&#8221;on|hover&#8221; transform_translate__hover=&#8221;0px|0px&#8221;][\/et_pb_button][\/et_pb_column][et_pb_column type=&#8221;1_2&#8243; _builder_version=&#8221;4.16&#8243; custom_padding=&#8221;30px||||false|false&#8221; custom_padding_tablet=&#8221;0px||||false|false&#8221; custom_padding_phone=&#8221;&#8221; custom_padding_last_edited=&#8221;on|tablet&#8221; global_colors_info=&#8221;{}&#8221;][et_pb_text _builder_version=&#8221;4.27.4&#8243; _module_preset=&#8221;default&#8221; text_font=&#8221;|700|||||||&#8221; text_text_color=&#8221;gcid-7f97073d-b960-4482-bdc7-605cdf94679e&#8221; text_line_height=&#8221;1em&#8221; custom_margin=&#8221;||10px||false|false&#8221; global_colors_info=&#8221;{%22gcid-7f97073d-b960-4482-bdc7-605cdf94679e%22:%91%22text_text_color%22%93}&#8221;]<\/p>\n<p>2006<\/p>\n<p>[\/et_pb_text][et_pb_text module_class=&#8221;texto-investigaciones&#8221; _builder_version=&#8221;4.27.4&#8243; header_font=&#8221;||||||||&#8221; header_3_font=&#8221;Playfair Display|700|||||||&#8221; header_3_font_size=&#8221;28px&#8221; header_3_line_height=&#8221;1.6em&#8221; header_4_font=&#8221;|700|||||||&#8221; header_4_text_color=&#8221;#dcc59d&#8221; header_4_font_size=&#8221;16px&#8221; header_4_line_height=&#8221;1.4em&#8221; max_width=&#8221;800px&#8221; text_font_size_tablet=&#8221;&#8221; text_font_size_phone=&#8221;16px&#8221; text_font_size_last_edited=&#8221;on|phone&#8221; header_3_font_size_tablet=&#8221;&#8221; header_3_font_size_phone=&#8221;&#8221; header_3_font_size_last_edited=&#8221;on|desktop&#8221; locked=&#8221;off&#8221; global_colors_info=&#8221;{}&#8221;]<\/p>\n<h3>Third Excavation Campaign<\/h3>\n<p><span>On the occasion of the elaboration of the Master Plan of the site, Pilar S\u00e1ez de Alb\u00e9niz, Rosa Armend\u00e1riz and Txaro Mateo resumed the work undertaken in the previous decade. The first action consisted of the <strong>systematic survey of each plot of the hill and its immediate surroundings<\/strong> in order to delimit and sectorise the archaeological site&#8230;. <a href=\"https:\/\/eslava.es\/santa-criz-de-eslava\/investigaciones-tercera-campana-excavacion\/\">Read more<\/a> <\/span>[\/et_pb_text][\/et_pb_column][\/et_pb_row][et_pb_row column_structure=&#8221;1_2,1_2&#8243; admin_label=&#8221;2007&#8243; _builder_version=&#8221;4.16&#8243; locked=&#8221;off&#8221; global_colors_info=&#8221;{}&#8221;][et_pb_column type=&#8221;1_2&#8243; _builder_version=&#8221;4.16&#8243; global_colors_info=&#8221;{}&#8221;][et_pb_image src=&#8221;https:\/\/eslava.es\/wp-content\/uploads\/2025\/08\/excavacion-santa-criz-de-eslava3.jpg&#8221; alt=&#8221;Fourth excavation campaign in Santa Criz de Eslava (2007)&#8221; title_text=&#8221;Fourth excavation campaign in Santa Criz de Eslava (2007)&#8221; show_bottom_space=&#8221;off&#8221; _builder_version=&#8221;4.27.4&#8243; z_index=&#8221;11&#8243; global_colors_info=&#8221;{}&#8221;][\/et_pb_image][et_pb_button button_url=&#8221;https:\/\/eslava.es\/en\/santa-criz-de-eslava\/fourth-excavation-campaign\/&#8221; button_text=&#8221;See more&#8221; button_alignment=&#8221;right&#8221; _builder_version=&#8221;4.27.4&#8243; custom_button=&#8221;on&#8221; button_text_size=&#8221;16px&#8221; button_text_color=&#8221;#ffffff&#8221; button_bg_color=&#8221;#2e444e&#8221; button_border_width=&#8221;0px&#8221; button_border_radius=&#8221;0px&#8221; button_font=&#8221;|700|||||||&#8221; button_icon=&#8221;&#x24;||divi||400&#8243; button_on_hover=&#8221;off&#8221; transform_translate=&#8221;0px|-8px&#8221; transform_translate_linked=&#8221;off&#8221; custom_margin=&#8221;||||false|false&#8221; custom_padding=&#8221;10px|130px|4px|100px|false|false&#8221; locked=&#8221;off&#8221; global_colors_info=&#8221;{}&#8221; custom_padding__hover_enabled=&#8221;on|hover&#8221; custom_padding__hover=&#8221;6px||8px||false|false&#8221; custom_margin__hover_enabled=&#8221;off|desktop&#8221; transform_styles__hover_enabled=&#8221;on|hover&#8221; transform_scale__hover_enabled=&#8221;on|hover&#8221; transform_translate__hover_enabled=&#8221;on|hover&#8221; transform_translate__hover=&#8221;0px|0px&#8221;][\/et_pb_button][\/et_pb_column][et_pb_column type=&#8221;1_2&#8243; _builder_version=&#8221;4.16&#8243; custom_padding=&#8221;30px||||false|false&#8221; custom_padding_tablet=&#8221;0px||||false|false&#8221; custom_padding_phone=&#8221;&#8221; custom_padding_last_edited=&#8221;on|tablet&#8221; global_colors_info=&#8221;{}&#8221;][et_pb_text _builder_version=&#8221;4.27.4&#8243; _module_preset=&#8221;default&#8221; text_font=&#8221;|700|||||||&#8221; text_text_color=&#8221;gcid-7f97073d-b960-4482-bdc7-605cdf94679e&#8221; text_line_height=&#8221;1em&#8221; custom_margin=&#8221;||10px||false|false&#8221; global_colors_info=&#8221;{%22gcid-7f97073d-b960-4482-bdc7-605cdf94679e%22:%91%22text_text_color%22%93}&#8221;]<\/p>\n<p>2007<\/p>\n<p>[\/et_pb_text][et_pb_text module_class=&#8221;texto-investigaciones&#8221; _builder_version=&#8221;4.27.4&#8243; header_font=&#8221;||||||||&#8221; header_3_font=&#8221;Playfair Display|700|||||||&#8221; header_3_font_size=&#8221;28px&#8221; header_3_line_height=&#8221;1.6em&#8221; header_4_font=&#8221;|700|||||||&#8221; header_4_text_color=&#8221;#dcc59d&#8221; header_4_font_size=&#8221;16px&#8221; header_4_line_height=&#8221;1.4em&#8221; max_width=&#8221;800px&#8221; text_font_size_tablet=&#8221;&#8221; text_font_size_phone=&#8221;16px&#8221; text_font_size_last_edited=&#8221;on|phone&#8221; header_3_font_size_tablet=&#8221;&#8221; header_3_font_size_phone=&#8221;&#8221; header_3_font_size_last_edited=&#8221;on|desktop&#8221; locked=&#8221;off&#8221; global_colors_info=&#8221;{}&#8221;]<\/p>\n<h3>Fourth Excavation Campaign<\/h3>\n<p><span>At the beginning of 2007, a relatively novel intervention was carried out in the Foral Community of Navarre; the <strong>geophysical survey<\/strong>. With this work they revealed aspects of the enclave that were only intuited and in some cases unknown. Thus, the existence, already pointed out, of a dense and very well preserved urban grid in the area of the hill was confirmed, and a more real sketch of the configuration of the necropolis could be traced.   &#8230;.  <a href=\"https:\/\/eslava.es\/en\/santa-criz-de-eslava\/fourth-excavation-campaign\/\">Read more<\/a><\/span>[\/et_pb_text][\/et_pb_column][\/et_pb_row][et_pb_row column_structure=&#8221;1_2,1_2&#8243; admin_label=&#8221;2015&#8243; _builder_version=&#8221;4.16&#8243; locked=&#8221;off&#8221; global_colors_info=&#8221;{}&#8221;][et_pb_column type=&#8221;1_2&#8243; _builder_version=&#8221;4.16&#8243; global_colors_info=&#8221;{}&#8221;][et_pb_image src=&#8221;https:\/\/eslava.es\/wp-content\/uploads\/2025\/08\/excavacion-santa-criz-de-eslava4.jpg&#8221; alt=&#8221;Consolidation of the Santa Criz de Eslava archaeological site&#8221; title_text=&#8221;Consolidation of the Santa Criz de Eslava archaeological site&#8221; show_bottom_space=&#8221;off&#8221; _builder_version=&#8221;4.27.4&#8243; z_index=&#8221;11&#8243; global_colors_info=&#8221;{}&#8221;][\/et_pb_image][et_pb_button button_url=&#8221;https:\/\/eslava.es\/santa-criz-de-eslava\/investigaciones-consolidacion\/&#8221; button_text=&#8221;See more&#8221; button_alignment=&#8221;right&#8221; _builder_version=&#8221;4.27.4&#8243; custom_button=&#8221;on&#8221; button_text_size=&#8221;16px&#8221; button_text_color=&#8221;#ffffff&#8221; button_bg_color=&#8221;#2e444e&#8221; button_border_width=&#8221;0px&#8221; button_border_radius=&#8221;0px&#8221; button_font=&#8221;|700|||||||&#8221; button_icon=&#8221;&#x24;||divi||400&#8243; button_on_hover=&#8221;off&#8221; transform_translate=&#8221;0px|-8px&#8221; transform_translate_linked=&#8221;off&#8221; custom_margin=&#8221;||||false|false&#8221; custom_padding=&#8221;10px|130px|4px|100px|false|false&#8221; locked=&#8221;off&#8221; global_colors_info=&#8221;{}&#8221; custom_padding__hover_enabled=&#8221;on|hover&#8221; custom_padding__hover=&#8221;6px||8px||false|false&#8221; custom_margin__hover_enabled=&#8221;off|desktop&#8221; transform_styles__hover_enabled=&#8221;on|hover&#8221; transform_scale__hover_enabled=&#8221;on|hover&#8221; transform_translate__hover_enabled=&#8221;on|hover&#8221; transform_translate__hover=&#8221;0px|0px&#8221;][\/et_pb_button][\/et_pb_column][et_pb_column type=&#8221;1_2&#8243; _builder_version=&#8221;4.16&#8243; custom_padding=&#8221;30px||||false|false&#8221; custom_padding_tablet=&#8221;0px||||false|false&#8221; custom_padding_phone=&#8221;&#8221; custom_padding_last_edited=&#8221;on|tablet&#8221; global_colors_info=&#8221;{}&#8221;][et_pb_text _builder_version=&#8221;4.27.4&#8243; _module_preset=&#8221;default&#8221; text_font=&#8221;|700|||||||&#8221; text_text_color=&#8221;gcid-7f97073d-b960-4482-bdc7-605cdf94679e&#8221; text_line_height=&#8221;1em&#8221; custom_margin=&#8221;||10px||false|false&#8221; global_colors_info=&#8221;{%22gcid-7f97073d-b960-4482-bdc7-605cdf94679e%22:%91%22text_text_color%22%93}&#8221;]<\/p>\n<p>2015<\/p>\n<p>[\/et_pb_text][et_pb_text module_class=&#8221;texto-investigaciones&#8221; _builder_version=&#8221;4.27.4&#8243; header_font=&#8221;||||||||&#8221; header_3_font=&#8221;Playfair Display|700|||||||&#8221; header_3_font_size=&#8221;28px&#8221; header_3_line_height=&#8221;1.6em&#8221; header_4_font=&#8221;|700|||||||&#8221; header_4_text_color=&#8221;#dcc59d&#8221; header_4_font_size=&#8221;16px&#8221; header_4_line_height=&#8221;1.4em&#8221; max_width=&#8221;800px&#8221; text_font_size_tablet=&#8221;&#8221; text_font_size_phone=&#8221;16px&#8221; text_font_size_last_edited=&#8221;on|phone&#8221; header_3_font_size_tablet=&#8221;&#8221; header_3_font_size_phone=&#8221;&#8221; header_3_font_size_last_edited=&#8221;on|desktop&#8221; locked=&#8221;off&#8221; global_colors_info=&#8221;{}&#8221;]<\/p>\n<h3>Consolidation<\/h3>\n<p><span>In 2015, consolidation and enhancement work was carried out in the Civitas, improving access and signage. <a href=\"https:\/\/eslava.es\/santa-criz-de-eslava\/investigaciones-consolidacion\/\">Read more<\/a><\/span>[\/et_pb_text][\/et_pb_column][\/et_pb_row][\/et_pb_section]<\/p>\n","protected":false},"excerpt":{"rendered":"<p>Santa Criz De EslavaVasconic and Roman CityToday, Santa Criz de Eslava is the most monumental of the Roman cities preserved in Navarre and, probably, one of the most impressive in the northern Iberian Peninsula. Located just 40 minutes from Pamplona, in the heart of Eastern Middle Navarre, in the Sang\u00fcesa Region, the site, which preserves [&hellip;]<\/p>\n","protected":false},"author":1,"featured_media":0,"parent":0,"menu_order":0,"comment_status":"closed","ping_status":"closed","template":"","meta":{"_acf_changed":false,"_et_pb_use_builder":"on","_et_pb_old_content":"","_et_gb_content_width":"","inline_featured_image":false,"footnotes":""},"class_list":["post-744","page","type-page","status-publish","hentry"],"acf":[],"yoast_head":"<!-- This site is optimized with the Yoast SEO plugin v27.5 - https:\/\/yoast.com\/product\/yoast-seo-wordpress\/ -->\n<title>Santa Criz De Eslava - Ayuntamiento Villa de Eslava<\/title>\n<meta name=\"robots\" content=\"index, follow, max-snippet:-1, max-image-preview:large, max-video-preview:-1\" \/>\n<link rel=\"canonical\" href=\"https:\/\/eslava.es\/en\/santa-criz-de-eslava\/\" \/>\n<meta property=\"og:locale\" content=\"en_US\" \/>\n<meta property=\"og:type\" content=\"article\" \/>\n<meta property=\"og:title\" content=\"Santa Criz De Eslava - Ayuntamiento Villa de Eslava\" \/>\n<meta property=\"og:description\" content=\"Santa Criz De EslavaVasconic and Roman CityToday, Santa Criz de Eslava is the most monumental of the Roman cities preserved in Navarre and, probably, one of the most impressive in the northern Iberian Peninsula. Located just 40 minutes from Pamplona, in the heart of Eastern Middle Navarre, in the Sang\u00fcesa Region, the site, which preserves [&hellip;]\" \/>\n<meta property=\"og:url\" content=\"https:\/\/eslava.es\/en\/santa-criz-de-eslava\/\" \/>\n<meta property=\"og:site_name\" content=\"Ayuntamiento Villa de Eslava\" \/>\n<meta property=\"article:modified_time\" content=\"2025-10-24T04:20:40+00:00\" \/>\n<meta name=\"twitter:card\" content=\"summary_large_image\" \/>\n<meta name=\"twitter:label1\" content=\"Est. reading time\" \/>\n\t<meta name=\"twitter:data1\" content=\"26 minutes\" \/>\n<script type=\"application\/ld+json\" class=\"yoast-schema-graph\">{\"@context\":\"https:\\\/\\\/schema.org\",\"@graph\":[{\"@type\":\"WebPage\",\"@id\":\"https:\\\/\\\/eslava.es\\\/en\\\/santa-criz-de-eslava\\\/\",\"url\":\"https:\\\/\\\/eslava.es\\\/en\\\/santa-criz-de-eslava\\\/\",\"name\":\"Santa Criz De Eslava - Ayuntamiento Villa de Eslava\",\"isPartOf\":{\"@id\":\"https:\\\/\\\/eslava.es\\\/en\\\/#website\"},\"datePublished\":\"2025-07-27T17:39:02+00:00\",\"dateModified\":\"2025-10-24T04:20:40+00:00\",\"breadcrumb\":{\"@id\":\"https:\\\/\\\/eslava.es\\\/en\\\/santa-criz-de-eslava\\\/#breadcrumb\"},\"inLanguage\":\"en-US\",\"potentialAction\":[{\"@type\":\"ReadAction\",\"target\":[\"https:\\\/\\\/eslava.es\\\/en\\\/santa-criz-de-eslava\\\/\"]}]},{\"@type\":\"BreadcrumbList\",\"@id\":\"https:\\\/\\\/eslava.es\\\/en\\\/santa-criz-de-eslava\\\/#breadcrumb\",\"itemListElement\":[{\"@type\":\"ListItem\",\"position\":1,\"name\":\"Portada\",\"item\":\"https:\\\/\\\/eslava.es\\\/en\\\/home\\\/\"},{\"@type\":\"ListItem\",\"position\":2,\"name\":\"Santa Criz De Eslava\"}]},{\"@type\":\"WebSite\",\"@id\":\"https:\\\/\\\/eslava.es\\\/en\\\/#website\",\"url\":\"https:\\\/\\\/eslava.es\\\/en\\\/\",\"name\":\"Ayuntamiento Villa de Eslava\",\"description\":\"\",\"publisher\":{\"@id\":\"https:\\\/\\\/eslava.es\\\/en\\\/#organization\"},\"potentialAction\":[{\"@type\":\"SearchAction\",\"target\":{\"@type\":\"EntryPoint\",\"urlTemplate\":\"https:\\\/\\\/eslava.es\\\/en\\\/?s={search_term_string}\"},\"query-input\":{\"@type\":\"PropertyValueSpecification\",\"valueRequired\":true,\"valueName\":\"search_term_string\"}}],\"inLanguage\":\"en-US\"},{\"@type\":\"Organization\",\"@id\":\"https:\\\/\\\/eslava.es\\\/en\\\/#organization\",\"name\":\"Ayuntamiento de Eslava\",\"url\":\"https:\\\/\\\/eslava.es\\\/en\\\/\",\"logo\":{\"@type\":\"ImageObject\",\"inLanguage\":\"en-US\",\"@id\":\"https:\\\/\\\/eslava.es\\\/en\\\/#\\\/schema\\\/logo\\\/image\\\/\",\"url\":\"https:\\\/\\\/eslava.es\\\/wp-content\\\/uploads\\\/2025\\\/07\\\/Escudo-Eslava.svg\",\"contentUrl\":\"https:\\\/\\\/eslava.es\\\/wp-content\\\/uploads\\\/2025\\\/07\\\/Escudo-Eslava.svg\",\"width\":\"1024\",\"height\":\"1024\",\"caption\":\"Ayuntamiento de Eslava\"},\"image\":{\"@id\":\"https:\\\/\\\/eslava.es\\\/en\\\/#\\\/schema\\\/logo\\\/image\\\/\"}}]}<\/script>\n<!-- \/ Yoast SEO plugin. -->","yoast_head_json":{"title":"Santa Criz De Eslava - Ayuntamiento Villa de Eslava","robots":{"index":"index","follow":"follow","max-snippet":"max-snippet:-1","max-image-preview":"max-image-preview:large","max-video-preview":"max-video-preview:-1"},"canonical":"https:\/\/eslava.es\/en\/santa-criz-de-eslava\/","og_locale":"en_US","og_type":"article","og_title":"Santa Criz De Eslava - Ayuntamiento Villa de Eslava","og_description":"Santa Criz De EslavaVasconic and Roman CityToday, Santa Criz de Eslava is the most monumental of the Roman cities preserved in Navarre and, probably, one of the most impressive in the northern Iberian Peninsula. Located just 40 minutes from Pamplona, in the heart of Eastern Middle Navarre, in the Sang\u00fcesa Region, the site, which preserves [&hellip;]","og_url":"https:\/\/eslava.es\/en\/santa-criz-de-eslava\/","og_site_name":"Ayuntamiento Villa de Eslava","article_modified_time":"2025-10-24T04:20:40+00:00","twitter_card":"summary_large_image","twitter_misc":{"Est. reading time":"26 minutes"},"schema":{"@context":"https:\/\/schema.org","@graph":[{"@type":"WebPage","@id":"https:\/\/eslava.es\/en\/santa-criz-de-eslava\/","url":"https:\/\/eslava.es\/en\/santa-criz-de-eslava\/","name":"Santa Criz De Eslava - Ayuntamiento Villa de Eslava","isPartOf":{"@id":"https:\/\/eslava.es\/en\/#website"},"datePublished":"2025-07-27T17:39:02+00:00","dateModified":"2025-10-24T04:20:40+00:00","breadcrumb":{"@id":"https:\/\/eslava.es\/en\/santa-criz-de-eslava\/#breadcrumb"},"inLanguage":"en-US","potentialAction":[{"@type":"ReadAction","target":["https:\/\/eslava.es\/en\/santa-criz-de-eslava\/"]}]},{"@type":"BreadcrumbList","@id":"https:\/\/eslava.es\/en\/santa-criz-de-eslava\/#breadcrumb","itemListElement":[{"@type":"ListItem","position":1,"name":"Portada","item":"https:\/\/eslava.es\/en\/home\/"},{"@type":"ListItem","position":2,"name":"Santa Criz De Eslava"}]},{"@type":"WebSite","@id":"https:\/\/eslava.es\/en\/#website","url":"https:\/\/eslava.es\/en\/","name":"Ayuntamiento Villa de Eslava","description":"","publisher":{"@id":"https:\/\/eslava.es\/en\/#organization"},"potentialAction":[{"@type":"SearchAction","target":{"@type":"EntryPoint","urlTemplate":"https:\/\/eslava.es\/en\/?s={search_term_string}"},"query-input":{"@type":"PropertyValueSpecification","valueRequired":true,"valueName":"search_term_string"}}],"inLanguage":"en-US"},{"@type":"Organization","@id":"https:\/\/eslava.es\/en\/#organization","name":"Ayuntamiento de Eslava","url":"https:\/\/eslava.es\/en\/","logo":{"@type":"ImageObject","inLanguage":"en-US","@id":"https:\/\/eslava.es\/en\/#\/schema\/logo\/image\/","url":"https:\/\/eslava.es\/wp-content\/uploads\/2025\/07\/Escudo-Eslava.svg","contentUrl":"https:\/\/eslava.es\/wp-content\/uploads\/2025\/07\/Escudo-Eslava.svg","width":"1024","height":"1024","caption":"Ayuntamiento de Eslava"},"image":{"@id":"https:\/\/eslava.es\/en\/#\/schema\/logo\/image\/"}}]}},"_links":{"self":[{"href":"https:\/\/eslava.es\/en\/wp-json\/wp\/v2\/pages\/744","targetHints":{"allow":["GET"]}}],"collection":[{"href":"https:\/\/eslava.es\/en\/wp-json\/wp\/v2\/pages"}],"about":[{"href":"https:\/\/eslava.es\/en\/wp-json\/wp\/v2\/types\/page"}],"author":[{"embeddable":true,"href":"https:\/\/eslava.es\/en\/wp-json\/wp\/v2\/users\/1"}],"replies":[{"embeddable":true,"href":"https:\/\/eslava.es\/en\/wp-json\/wp\/v2\/comments?post=744"}],"version-history":[{"count":1,"href":"https:\/\/eslava.es\/en\/wp-json\/wp\/v2\/pages\/744\/revisions"}],"predecessor-version":[{"id":751,"href":"https:\/\/eslava.es\/en\/wp-json\/wp\/v2\/pages\/744\/revisions\/751"}],"wp:attachment":[{"href":"https:\/\/eslava.es\/en\/wp-json\/wp\/v2\/media?parent=744"}],"curies":[{"name":"wp","href":"https:\/\/api.w.org\/{rel}","templated":true}]}}